{"id":347,"date":"2025-09-05T16:44:51","date_gmt":"2025-09-05T14:44:51","guid":{"rendered":"https:\/\/aupanierchampenois.fr\/?page_id=347"},"modified":"2025-09-05T16:56:06","modified_gmt":"2025-09-05T14:56:06","slug":"vie-privee","status":"publish","type":"page","link":"https:\/\/aupanierchampenois.fr\/index.php\/vie-privee\/","title":{"rendered":"Vie priv\u00e9e"},"content":{"rendered":"\t\t<div data-elementor-type=\"wp-page\" data-elementor-id=\"347\" class=\"elementor elementor-347\">\n\t\t\t\t<div class=\"aux-parallax-section elementor-element elementor-element-151161e e-flex e-con-boxed e-con e-parent\" data-id=\"151161e\" data-element_type=\"container\">\n\t\t\t\t\t<div class=\"e-con-inner\">\n\t\t\t\t<div class=\"elementor-element elementor-element-9fd2d19 elementor-widget elementor-widget-heading\" data-id=\"9fd2d19\" data-element_type=\"widget\" data-widget_type=\"heading.default\">\n\t\t\t\t<div class=\"elementor-widget-container\">\n\t\t\t\t\t<h2 class=\"elementor-heading-title elementor-size-default\">R\u00e8glement sur la vie priv\u00e9e<\/h2>\t\t\t\t<\/div>\n\t\t\t\t<\/div>\n\t\t\t\t<div class=\"elementor-element elementor-element-2290f15 elementor-widget elementor-widget-text-editor\" data-id=\"2290f15\" data-element_type=\"widget\" data-widget_type=\"text-editor.default\">\n\t\t\t\t<div class=\"elementor-widget-container\">\n\t\t\t\t\t\t\t\t\t<p><b>Les donn\u00e9es collect\u00e9es \/ Quelles informations collectons \u2013 nous ?<\/b><\/p><p>\u00ab\u00a0SAS Le Local Bragard\u00a0\u00bb collecte les donn\u00e9es suivantes :<\/p><p>\u2022\u00a0Vos coordonn\u00e9es personnelles saisies lors de votre inscription, accessibles et modifiables depuis votre compte prot\u00e9g\u00e9 par mot de passe \u2013 Depuis la page d\u2019accueil, rubrique \u00ab Mon compte \u00bb.<br \/>\u00a0\u00a0 Les donn\u00e9es collect\u00e9es sont : nom, pr\u00e9nom, adresse mail, adresse postale, t\u00e9l\u00e9phone principal, autre num\u00e9ro, &#8230;<\/p><p>\u2022 Votre adresse mail en cas d\u2019inscription \u00e0 la newsletter.<\/p><p>\u2022 Des donn\u00e9es anonymes de navigation recueillies automatiquement sous r\u00e9serve de votre accord : cookies de personnalisation, g\u00e9olocalisation, source de trafic, ect&#8230;<\/p><p>\u00a0<\/p><p><b>Utilisation des donn\u00e9es \/ Comment utilisons-nous ces informations ?<\/b><\/p><p>Les donn\u00e9es priv\u00e9es collect\u00e9es permettent \u00e0 la SAS Le local Bragard\u00a0de :<\/p><p>\u2022 Traiter vos commandes (paiement, pr\u00e9paration, livraison) en vous communiquant les informations n\u00e9cessaires<\/p><p>\u2022 R\u00e9pondre \u00e0 toutes vos questions relatives \u00e0 une commande\/livraison ou autres demandes d\u2019information<\/p><p>\u2022 Vous adresser, sous r\u00e9serve de votre accord, des messages de relance et\/ou prospection commerciale<br \/><br \/>\u2022 Les donn\u00e9es anonymes recueillies pendant la navigation, sous r\u00e9serve de votre accord, ont pour but de mesurer les audiences et les comportements de navigation sur notre site.<br \/>\u00a0<\/p><p>\u00a0<\/p><p><b>Conservation des donn\u00e9es :<\/b><br \/>Apr\u00e8s suppression de votre compte, vos donn\u00e9es personnelles sont anonymis\u00e9es (compte retir\u00e9) et conserv\u00e9es pendant 3 ann\u00e9es pour conserver un historique d\u2019activit\u00e9 et des statistiques de vente. Au-del\u00e0, elles seront d\u00e9finitivement supprim\u00e9es. Cependant, l\u2019obligation l\u00e9gale de conservation pendant 10 ann\u00e9es des pi\u00e8ces justificatives, telles que les bons de commande\/livraison et factures, fait que votre nom et adresse appara\u00eetront toujours sur ces documents \u00e9dit\u00e9s.<\/p><p>\u00a0<\/p><p><b>Partage et divulgation des donn\u00e9es \/ Comment ces informations sont-elles partag\u00e9es\u00a0<\/b>?<\/p><p>La SAS Le Local Bragard est la\u00a0seule destinataire des donn\u00e9es collect\u00e9es. Vos donn\u00e9es personnelles (limit\u00e9es \u00e0 votre nom, adresse et mail) peuvent \u00eatre transmises \u00e0 un tiers dans les cas suivant(s) :<\/p><p>\u2022 A un prestataire logistique pour assurer la livraison de votre commande<\/p><p>\u2022 A un prestataire informatique pour des op\u00e9rations de communication cibl\u00e9e type Newsletter ou des op\u00e9rations de maintenance.<\/p><p>\u00a0<\/p><p><b>Mesures de s\u00e9curit\u00e9<\/b><\/p><p>La SAS Le Local Bragard applique tous les efforts pour prot\u00e9ger vos donn\u00e9es personnelles contre les dommages, perte, d\u00e9tournement, intrusion, divulgation, alt\u00e9ration ou destruction. Notre partenaire logiciel Socl\u00e9o dispose d\u2019une infrastructure informatique s\u00e9curis\u00e9e et dot\u00e9e d\u2019une sauvegarde \u00e9lectronique des donn\u00e9es collect\u00e9es, conform\u00e9ment \u00e0 la l\u00e9gislation fran\u00e7aise en vigueur relatives \u00e0 la protection des donn\u00e9es personnelles. Les salari\u00e9s de la SAS Le Local Bragard\u00a0et de nos prestataires, qui auraient acc\u00e8s \u00e0 vos donn\u00e9es personnelles, s&rsquo;engagent \u00e0 la plus grande confidentialit\u00e9 \u00e0 cet \u00e9gard. Toutefois, la SAS Le Local Bragard\u00a0ne ma\u00eetrise pas les risques li\u00e9s au fonctionnement d&rsquo;internet et attire votre attention sur l&rsquo;existence d&rsquo;\u00e9ventuels risques en termes de pertes ponctuelles de donn\u00e9es ou d&rsquo;atteinte \u00e0 la confidentialit\u00e9 des donn\u00e9es transitant via ce r\u00e9seau. Les informations propos\u00e9es sur le site pourront \u00eatre interrompues pour des cas de force majeure ou ind\u00e9pendants de la volont\u00e9 de la SAS Le Local Bragard\u00a0ou de faits ne relevant pas de la responsabilit\u00e9 de la SAS Le Local Bragard.<\/p><p>\u00a0<\/p><p><b>Droits des personnes sur les donn\u00e9es collect\u00e9es \/ Quelles sont les donn\u00e9es auxquelles j\u2019ai acc\u00e8s et quels droits ai-je dessus ?<\/b><\/p><p>La SAS Le Local Bragard vous donne acc\u00e8s aux informations li\u00e9es \u00e0 votre compte (informations personnelles, commandes, factures&#8230;) dans le but d\u2019en prendre connaissance et, dans certains cas, de mettre \u00e0 jour ces informations. Conform\u00e9ment aux dispositions en vigueur vous disposez d\u2019un droit d\u2019acc\u00e8s, de modification, de rectification et de suppression des informations vous concernant. Vous pouvez exercer ces droits sur votre compte. Si vous ne souhaitez pas recevoir de relance commerciale par mail ou autres types d\u2019emails de notre part, veuillez le notifier dans les \u00abPr\u00e9f\u00e9rences de messagerie\u00bb de votre compte.<\/p><p>\u00a0<\/p><p><b>Politique de donn\u00e9es personnelles relatives aux mineurs<\/b><\/p><p>Le site ne vise pas comme public les mineurs. Cependant, la vente d\u2019alcool \u00e9tant propos\u00e9 sur le site, la SAS Le Local Bragard\u00a0se r\u00e9serve le droit de ne pas livrer ces produits si c\u2019\u00e9tait un mineur qui venait le retirer lors d\u2019une distribution.<\/p><p>\u00a0<\/p><p><b>Mise \u00e0 jour de la politique de Donn\u00e9es Personnelles<\/b><\/p><p>La SAS Le Local Bragard est susceptible de modifier la Politique de Donn\u00e9es Personnelles. Si la SAS Le Local Bragard souhaite utiliser vos donn\u00e9es personnelles d&rsquo;une mani\u00e8re diff\u00e9rente de celle stipul\u00e9e dans la Politique de Donn\u00e9es Personnelles en vigueur au moment de la collecte, ces modifications seront notifi\u00e9es de mani\u00e8re visible sur le site. Du fait des changements qui peuvent intervenir dans la Politique de Donn\u00e9es personnelles, nous vous invitons \u00e0 visiter r\u00e9guli\u00e8rement la rubrique \u00ab\u00a0Vie priv\u00e9e\u00a0\u00bb.<\/p><p>\u00a0<\/p><p><b>Questions \/ Contact<\/b><\/p><p>Pour toute questions ou commentaires relatifs \u00e0 la politique de Vie priv\u00e9e ou \u00e0 la fa\u00e7on dont la SASA LE Local Bragard proc\u00e8de \u00e0 la collecte et \u00e0 l\u2019utilisation des donn\u00e9es vous concernant, vous pouvez adresse un courrier \u00e9lectronique \u00e0 l\u2019adresse suivante : lelocalbragard@gmail.com<\/p>\t\t\t\t\t\t\t\t<\/div>\n\t\t\t\t<\/div>\n\t\t\t\t\t<\/div>\n\t\t\t\t<\/div>\n\t\t\t\t<\/div>\n\t\t","protected":false},"excerpt":{"rendered":"<p>R\u00e8glement sur la vie priv\u00e9e Les donn\u00e9es collect\u00e9es \/ Quelles informations collectons \u2013 nous ? \u00ab\u00a0SAS Le Local Bragard\u00a0\u00bb collecte les donn\u00e9es suivantes : \u2022\u00a0Vos coordonn\u00e9es personnelles saisies lors de votre inscription, accessibles et modifiables depuis votre compte prot\u00e9g\u00e9 par mot de passe \u2013 Depuis la page d\u2019accueil, rubrique \u00ab Mon compte \u00bb.\u00a0\u00a0 Les donn\u00e9es [&hellip;]<\/p>\n","protected":false},"author":1,"featured_media":0,"parent":0,"menu_order":0,"comment_status":"closed","ping_status":"closed","template":"","meta":{"footnotes":""},"class_list":["post-347","page","type-page","status-publish","hentry"],"_links":{"self":[{"href":"https:\/\/aupanierchampenois.fr\/index.php\/wp-json\/wp\/v2\/pages\/347","targetHints":{"allow":["GET"]}}],"collection":[{"href":"https:\/\/aupanierchampenois.fr\/index.php\/wp-json\/wp\/v2\/pages"}],"about":[{"href":"https:\/\/aupanierchampenois.fr\/index.php\/wp-json\/wp\/v2\/types\/page"}],"author":[{"embeddable":true,"href":"https:\/\/aupanierchampenois.fr\/index.php\/wp-json\/wp\/v2\/users\/1"}],"replies":[{"embeddable":true,"href":"https:\/\/aupanierchampenois.fr\/index.php\/wp-json\/wp\/v2\/comments?post=347"}],"version-history":[{"count":4,"href":"https:\/\/aupanierchampenois.fr\/index.php\/wp-json\/wp\/v2\/pages\/347\/revisions"}],"predecessor-version":[{"id":351,"href":"https:\/\/aupanierchampenois.fr\/index.php\/wp-json\/wp\/v2\/pages\/347\/revisions\/351"}],"wp:attachment":[{"href":"https:\/\/aupanierchampenois.fr\/index.php\/wp-json\/wp\/v2\/media?parent=347"}],"curies":[{"name":"wp","href":"https:\/\/api.w.org\/{rel}","templated":true}]}}